{"id":616,"date":"2023-09-14T08:41:28","date_gmt":"2023-09-14T08:41:28","guid":{"rendered":"https:\/\/santverd.com\/?page_id=616"},"modified":"2023-10-24T13:45:02","modified_gmt":"2023-10-24T13:45:02","slug":"planes-de-playa-o-montana","status":"publish","type":"page","link":"https:\/\/santverd.com\/en_gb\/planes-de-playa-o-montana\/","title":{"rendered":"Beach or Mountain Plans."},"content":{"rendered":"<div id=\"fws_69f1f30565cef\"  data-column-margin=\"default\" data-midnight=\"light\" data-top-percent=\"10%\" data-bottom-percent=\"28%\"  class=\"wpb_row vc_row-fluid vc_row full-width-section parallax_section\"  style=\"padding-top: calc(100vw * 0.10); padding-bottom: calc(100vw * 0.28); \"><div class=\"row-bg-wrap\" data-bg-animation=\"none\" data-bg-animation-delay=\"\" data-bg-overlay=\"true\"><div class=\"inner-wrap row-bg-layer using-image\" ><div class=\"row-bg viewport-desktop using-image\" data-parallax-speed=\"fast\" style=\"background-image: url(https:\/\/santverd.com\/wp-content\/uploads\/2023\/09\/playa-intro.jpg); background-position: left top; background-repeat: no-repeat; \"><\/div><\/div><div class=\"row-bg-overlay row-bg-layer\" style=\"background-color:rgba(10,10,10,0.92);  opacity: 0.5; \"><\/div><\/div><div class=\"row_col_wrap_12 col span_12 light left\">\n\t<div  class=\"vc_col-sm-6 wpb_column column_container vc_column_container col no-extra-padding inherit_tablet inherit_phone\"  data-padding-pos=\"all\" data-has-bg-color=\"false\" data-bg-color=\"\" data-bg-opacity=\"1\" data-animation=\"\" data-delay=\"0\" >\n\t\t<div class=\"vc_column-inner\" >\n\t\t\t<div class=\"wpb_wrapper\">\n\t\t\t\t\n<div class=\"wpb_text_column wpb_content_element\" >\n\t<div class=\"wpb_wrapper\">\n\t\t<h1>Beach or Mountain Plans.<\/h1>\n<p>Discover the fabulous natural landscapes that the strategic location of the house offers.<\/p>\n\t<\/div>\n<\/div>\n\n\n\n\n\t\t\t<\/div> \n\t\t<\/div>\n\t<\/div> \n\n\t<div  class=\"vc_col-sm-6 wpb_column column_container vc_column_container col no-extra-padding inherit_tablet inherit_phone\"  data-padding-pos=\"all\" data-has-bg-color=\"false\" data-bg-color=\"\" data-bg-opacity=\"1\" data-animation=\"\" data-delay=\"0\" >\n\t\t<div class=\"vc_column-inner\" >\n\t\t\t<div class=\"wpb_wrapper\">\n\t\t\t\t\n\t\t\t<\/div> \n\t\t<\/div>\n\t<\/div> \n<\/div><\/div>\n\t\t<div id=\"fws_69f1f30566b33\"  data-column-margin=\"default\" data-midnight=\"dark\"  class=\"wpb_row vc_row-fluid vc_row\"  style=\"padding-top: 0px; padding-bottom: 0px; \"><div class=\"row-bg-wrap\" data-bg-animation=\"none\" data-bg-animation-delay=\"\" data-bg-overlay=\"false\"><div class=\"inner-wrap row-bg-layer\" ><div class=\"row-bg viewport-desktop\"  style=\"\"><\/div><\/div><\/div><div class=\"row_col_wrap_12 col span_12 dark left\">\n\t<div  class=\"vc_col-sm-12 wpb_column column_container vc_column_container col no-extra-padding inherit_tablet inherit_phone\"  data-padding-pos=\"all\" data-has-bg-color=\"false\" data-bg-color=\"\" data-bg-opacity=\"1\" data-animation=\"\" data-delay=\"0\" >\n\t\t<div class=\"vc_column-inner\" >\n\t\t\t<div class=\"wpb_wrapper\">\n\t\t\t\t<div class=\"divider-wrap\" data-alignment=\"default\"><div style=\"height: 25px;\" class=\"divider\"><\/div><\/div>\n<div class=\"wpb_text_column wpb_content_element  vc_custom_1694677713715\" >\n\t<div class=\"wpb_wrapper\">\n\t\t<h2 style=\"text-align: center;\">Beach Plans.<\/h2>\n<p>Enjoy your vacation on the coast, immerse yourself in the crystal-clear waters, and relax under the sun on the beach.<\/p>\n\t<\/div>\n<\/div>\n\n\n\n<div class=\"divider-wrap\" data-alignment=\"default\"><div style=\"height: 25px;\" class=\"divider\"><\/div><\/div><div id=\"fws_69f1f30567409\" data-midnight=\"\" data-column-margin=\"default\" class=\"wpb_row vc_row-fluid vc_row inner_row vc_row-o-equal-height vc_row-flex vc_row-o-content-middle\"  style=\"\"><div class=\"row-bg-wrap\"> <div class=\"row-bg\" ><\/div> <\/div><div class=\"row_col_wrap_12_inner col span_12  left\">\n\t<div  class=\"vc_col-sm-1\/5 wpb_column column_container vc_column_container col child_column no-extra-padding inherit_tablet inherit_phone\"   data-padding-pos=\"all\" data-has-bg-color=\"false\" data-bg-color=\"\" data-bg-opacity=\"1\" data-animation=\"\" data-delay=\"0\" >\n\t\t<div class=\"vc_column-inner\" >\n\t\t<div class=\"wpb_wrapper\">\n\t\t\t<div class=\"img-with-aniamtion-wrap\" data-max-width=\"100%\" data-max-width-mobile=\"default\" data-border-radius=\"5px\" data-shadow=\"none\" data-animation=\"none\" >\n      <div class=\"inner\">\n        <div class=\"hover-wrap\"> \n          <div class=\"hover-wrap-inner\">\n            <a href=\"https:\/\/goo.gl\/maps\/76UpKFuvnWFAeKRs6\" target=\"_blank\" class=\"\">\n              <img loading=\"lazy\" decoding=\"async\" class=\"img-with-animation skip-lazy\" data-delay=\"0\" height=\"516\" width=\"728\" data-animation=\"none\" src=\"https:\/\/santverd.com\/wp-content\/uploads\/2023\/09\/PLAYA-CABRERA.png\" alt=\"\" srcset=\"https:\/\/santverd.com\/wp-content\/uploads\/2023\/09\/PLAYA-CABRERA.png 728w, https:\/\/santverd.com\/wp-content\/uploads\/2023\/09\/PLAYA-CABRERA-300x213.png 300w\" sizes=\"auto, (max-width: 728px) 100vw, 728px\" \/>\n            <\/a>\n          <\/div>\n        <\/div>\n      <\/div>\n      <\/div>\n\t\t<\/div> \n\t<\/div>\n\t<\/div> \n\n\t<div  class=\"vc_col-sm-4\/5 wpb_column column_container vc_column_container col child_column no-extra-padding inherit_tablet inherit_phone\"   data-padding-pos=\"all\" data-has-bg-color=\"false\" data-bg-color=\"\" data-bg-opacity=\"1\" data-animation=\"\" data-delay=\"0\" >\n\t\t<div class=\"vc_column-inner\" >\n\t\t<div class=\"wpb_wrapper\">\n\t\t\t\n<div class=\"wpb_text_column wpb_content_element\" >\n\t<div class=\"wpb_wrapper\">\n\t\t<h3>Cabrera\u2019s Beach<\/h3>\n<p>Cabrera de Mar beach is just a short 15-minute drive away. It's a spacious and lively beach with numerous beach bars where you can enjoy refreshing drinks.<\/p>\n\t<\/div>\n<\/div>\n\n\n\n<div class=\"nectar_icon_wrap\" data-style=\"default\" data-padding=\"5px\" data-color=\"black\" style=\"\" >\n\t\t<div class=\"nectar_icon\" ><a href=\"https:\/\/goo.gl\/maps\/76UpKFuvnWFAeKRs6\" target=\"_blank\"><\/a><i style=\"font-size: 50px; line-height: 50px; height: 50px; width: 50px;\" class=\"fa fa-map-marker\"><\/i><\/div>\n\t<\/div>\n\t\t<\/div> \n\t<\/div>\n\t<\/div> \n<\/div><\/div><div id=\"fws_69f1f30568718\" data-midnight=\"\" data-column-margin=\"default\" class=\"wpb_row vc_row-fluid vc_row inner_row vc_row-o-equal-height vc_row-flex vc_row-o-content-middle\"  style=\"\"><div class=\"row-bg-wrap\"> <div class=\"row-bg\" ><\/div> <\/div><div class=\"row_col_wrap_12_inner col span_12  left\">\n\t<div  class=\"vc_col-sm-1\/5 wpb_column column_container vc_column_container col child_column no-extra-padding inherit_tablet inherit_phone\"   data-padding-pos=\"all\" data-has-bg-color=\"false\" data-bg-color=\"\" data-bg-opacity=\"1\" data-animation=\"\" data-delay=\"0\" >\n\t\t<div class=\"vc_column-inner\" >\n\t\t<div class=\"wpb_wrapper\">\n\t\t\t<div class=\"img-with-aniamtion-wrap\" data-max-width=\"100%\" data-max-width-mobile=\"default\" data-border-radius=\"5px\" data-shadow=\"none\" data-animation=\"none\" >\n      <div class=\"inner\">\n        <div class=\"hover-wrap\"> \n          <div class=\"hover-wrap-inner\">\n            <a href=\"https:\/\/www.google.com\/maps\/search\/Calas+Costa+Brava\/@41.705359,2.4905475,10z\/data=!3m1!4b1?entry=ttu\" target=\"_self\" class=\"\">\n              <img loading=\"lazy\" decoding=\"async\" class=\"img-with-animation skip-lazy\" data-delay=\"0\" height=\"526\" width=\"728\" data-animation=\"none\" src=\"https:\/\/santverd.com\/wp-content\/uploads\/2023\/09\/COSTA-BRAVA.png\" alt=\"\" srcset=\"https:\/\/santverd.com\/wp-content\/uploads\/2023\/09\/COSTA-BRAVA.png 728w, https:\/\/santverd.com\/wp-content\/uploads\/2023\/09\/COSTA-BRAVA-300x217.png 300w\" sizes=\"auto, (max-width: 728px) 100vw, 728px\" \/>\n            <\/a>\n          <\/div>\n        <\/div>\n      <\/div>\n      <\/div>\n\t\t<\/div> \n\t<\/div>\n\t<\/div> \n\n\t<div  class=\"vc_col-sm-4\/5 wpb_column column_container vc_column_container col child_column no-extra-padding inherit_tablet inherit_phone\"   data-padding-pos=\"all\" data-has-bg-color=\"false\" data-bg-color=\"\" data-bg-opacity=\"1\" data-animation=\"\" data-delay=\"0\" >\n\t\t<div class=\"vc_column-inner\" >\n\t\t<div class=\"wpb_wrapper\">\n\t\t\t\n<div class=\"wpb_text_column wpb_content_element\" >\n\t<div class=\"wpb_wrapper\">\n\t\t<h3>Costa Brava<\/h3>\n<p>If you're eager to explore the most beautiful coasts of Catalonia in a drive of approximately 60 to 80 minutes, you mustn't miss the Costa Brava, which stretches from Blanes to Portbou.<\/p>\n\t<\/div>\n<\/div>\n\n\n\n<div class=\"nectar_icon_wrap\" data-style=\"default\" data-padding=\"5px\" data-color=\"black\" style=\"\" >\n\t\t<div class=\"nectar_icon\" ><a href=\"https:\/\/www.google.com\/maps\/search\/Calas+Costa+Brava\/@41.705359,2.4905475,10z\/data=!3m1!4b1?entry=ttu\" target=\"_blank\"><\/a><i style=\"font-size: 50px; line-height: 50px; height: 50px; width: 50px;\" class=\"fa fa-map-marker\"><\/i><\/div>\n\t<\/div>\n\t\t<\/div> \n\t<\/div>\n\t<\/div> \n<\/div><\/div><div id=\"fws_69f1f30568e6d\" data-midnight=\"\" data-column-margin=\"default\" class=\"wpb_row vc_row-fluid vc_row inner_row vc_row-o-equal-height vc_row-flex vc_row-o-content-middle\"  style=\"\"><div class=\"row-bg-wrap\"> <div class=\"row-bg\" ><\/div> <\/div><div class=\"row_col_wrap_12_inner col span_12  left\">\n\t<div  class=\"vc_col-sm-1\/5 wpb_column column_container vc_column_container col child_column no-extra-padding inherit_tablet inherit_phone\"   data-padding-pos=\"all\" data-has-bg-color=\"false\" data-bg-color=\"\" data-bg-opacity=\"1\" data-animation=\"\" data-delay=\"0\" >\n\t\t<div class=\"vc_column-inner\" >\n\t\t<div class=\"wpb_wrapper\">\n\t\t\t<div class=\"img-with-aniamtion-wrap\" data-max-width=\"100%\" data-max-width-mobile=\"default\" data-border-radius=\"5px\" data-shadow=\"none\" data-animation=\"none\" >\n      <div class=\"inner\">\n        <div class=\"hover-wrap\"> \n          <div class=\"hover-wrap-inner\">\n            <a href=\"https:\/\/www.google.com\/maps\/place\/Cala+Fonda\/@41.1289283,1.3263829,17z\/data=!3m1!4b1!4m6!3m5!1s0x12a3fadf69f03e23:0xed94e6ed94310aa2!8m2!3d41.1289619!4d1.3287718!16s%2Fg%2F11b6hvcp06?entry=ttu\" target=\"_blank\" class=\"\">\n              <img loading=\"lazy\" decoding=\"async\" class=\"img-with-animation skip-lazy\" data-delay=\"0\" height=\"797\" width=\"1200\" data-animation=\"none\" src=\"https:\/\/santverd.com\/wp-content\/uploads\/2023\/09\/78411cala-fonda-tarragona-shutterstock55794976.jpg\" alt=\"\" srcset=\"https:\/\/santverd.com\/wp-content\/uploads\/2023\/09\/78411cala-fonda-tarragona-shutterstock55794976.jpg 1200w, https:\/\/santverd.com\/wp-content\/uploads\/2023\/09\/78411cala-fonda-tarragona-shutterstock55794976-300x199.webp 300w, https:\/\/santverd.com\/wp-content\/uploads\/2023\/09\/78411cala-fonda-tarragona-shutterstock55794976-1024x680.webp 1024w, https:\/\/santverd.com\/wp-content\/uploads\/2023\/09\/78411cala-fonda-tarragona-shutterstock55794976-768x510.webp 768w\" sizes=\"auto, (max-width: 1200px) 100vw, 1200px\" \/>\n            <\/a>\n          <\/div>\n        <\/div>\n      <\/div>\n      <\/div>\n\t\t<\/div> \n\t<\/div>\n\t<\/div> \n\n\t<div  class=\"vc_col-sm-4\/5 wpb_column column_container vc_column_container col child_column no-extra-padding inherit_tablet inherit_phone\"   data-padding-pos=\"all\" data-has-bg-color=\"false\" data-bg-color=\"\" data-bg-opacity=\"1\" data-animation=\"\" data-delay=\"0\" >\n\t\t<div class=\"vc_column-inner\" >\n\t\t<div class=\"wpb_wrapper\">\n\t\t\t\n<div class=\"wpb_text_column wpb_content_element\" >\n\t<div class=\"wpb_wrapper\">\n\t\t<h3>Cala Fonda<\/h3>\n<p>It's a beach with coarse sand, difficult access, and completely devoid of services or facilities. However, its greatest appeal lies in its natural beauty and its location within the lush Marquesa forest.<\/p>\n\t<\/div>\n<\/div>\n\n\n\n<div class=\"nectar_icon_wrap\" data-style=\"default\" data-padding=\"5px\" data-color=\"black\" style=\"\" >\n\t\t<div class=\"nectar_icon\" ><a href=\"https:\/\/www.google.com\/maps\/place\/Cala+Fonda\/@41.1289283,1.3263829,17z\/data=!3m1!4b1!4m6!3m5!1s0x12a3fadf69f03e23:0xed94e6ed94310aa2!8m2!3d41.1289619!4d1.3287718!16s%2Fg%2F11b6hvcp06?entry=ttu\" target=\"_blank\"><\/a><i style=\"font-size: 50px; line-height: 50px; height: 50px; width: 50px;\" class=\"fa fa-map-marker\"><\/i><\/div>\n\t<\/div>\n\t\t<\/div> \n\t<\/div>\n\t<\/div> \n<\/div><\/div>\n\t\t\t<\/div> \n\t\t<\/div>\n\t<\/div> \n<\/div><\/div>\n\t\t<div id=\"fws_69f1f305697ea\"  data-br=\"5px\" data-br-applies=\"bg\" data-column-margin=\"default\" data-midnight=\"dark\" data-top-percent=\"6%\" data-bottom-percent=\"6%\"  class=\"wpb_row vc_row-fluid vc_row full-width-section parallax_section\"  style=\"padding-top: calc(100vw * 0.06); padding-bottom: calc(100vw * 0.06); \"><div class=\"row-bg-wrap\" data-bg-animation=\"none\" data-bg-animation-delay=\"\" data-bg-overlay=\"false\"><div class=\"inner-wrap row-bg-layer using-image\" ><div class=\"row-bg viewport-desktop using-image\" data-parallax-speed=\"fast\" style=\"background-image: url(https:\/\/santverd.com\/wp-content\/uploads\/2023\/09\/Vinamala.jpg); background-position: center top; background-repeat: no-repeat; \"><\/div><\/div><\/div><div class=\"row_col_wrap_12 col span_12 dark left\">\n\t<div  class=\"vc_col-sm-12 wpb_column column_container vc_column_container col no-extra-padding inherit_tablet inherit_phone\"  data-padding-pos=\"all\" data-has-bg-color=\"false\" data-bg-color=\"\" data-bg-opacity=\"1\" data-animation=\"\" data-delay=\"0\" >\n\t\t<div class=\"vc_column-inner\" >\n\t\t\t<div class=\"wpb_wrapper\">\n\t\t\t\t\n\t\t\t<\/div> \n\t\t<\/div>\n\t<\/div> \n<\/div><\/div>\n\t\t<div id=\"fws_69f1f30569955\"  data-column-margin=\"default\" data-midnight=\"dark\"  class=\"wpb_row vc_row-fluid vc_row\"  style=\"padding-top: 0px; padding-bottom: 0px; \"><div class=\"row-bg-wrap\" data-bg-animation=\"none\" data-bg-animation-delay=\"\" data-bg-overlay=\"false\"><div class=\"inner-wrap row-bg-layer\" ><div class=\"row-bg viewport-desktop\"  style=\"\"><\/div><\/div><\/div><div class=\"row_col_wrap_12 col span_12 dark left\">\n\t<div  class=\"vc_col-sm-12 wpb_column column_container vc_column_container col no-extra-padding inherit_tablet inherit_phone\"  data-padding-pos=\"all\" data-has-bg-color=\"false\" data-bg-color=\"\" data-bg-opacity=\"1\" data-animation=\"\" data-delay=\"0\" >\n\t\t<div class=\"vc_column-inner\" >\n\t\t\t<div class=\"wpb_wrapper\">\n\t\t\t\t<div class=\"divider-wrap\" data-alignment=\"default\"><div style=\"height: 25px;\" class=\"divider\"><\/div><\/div>\n<div class=\"wpb_text_column wpb_content_element  vc_custom_1694677737246\" >\n\t<div class=\"wpb_wrapper\">\n\t\t<h2 style=\"text-align: center;\">Mountain plans<\/h2>\n<p>Experience an adventure-filled mountain vacation, exploring rugged trails and enjoying panoramic views in dreamy natural settings.<\/p>\n\t<\/div>\n<\/div>\n\n\n\n<div class=\"divider-wrap\" data-alignment=\"default\"><div style=\"height: 25px;\" class=\"divider\"><\/div><\/div><div id=\"fws_69f1f30569b0f\" data-midnight=\"\" data-column-margin=\"default\" class=\"wpb_row vc_row-fluid vc_row inner_row vc_row-o-equal-height vc_row-flex vc_row-o-content-middle\"  style=\"\"><div class=\"row-bg-wrap\"> <div class=\"row-bg\" ><\/div> <\/div><div class=\"row_col_wrap_12_inner col span_12  left\">\n\t<div  class=\"vc_col-sm-1\/5 wpb_column column_container vc_column_container col child_column no-extra-padding inherit_tablet inherit_phone\"   data-padding-pos=\"all\" data-has-bg-color=\"false\" data-bg-color=\"\" data-bg-opacity=\"1\" data-animation=\"\" data-delay=\"0\" >\n\t\t<div class=\"vc_column-inner\" >\n\t\t<div class=\"wpb_wrapper\">\n\t\t\t<div class=\"img-with-aniamtion-wrap\" data-max-width=\"100%\" data-max-width-mobile=\"default\" data-border-radius=\"5px\" data-shadow=\"none\" data-animation=\"none\" >\n      <div class=\"inner\">\n        <div class=\"hover-wrap\"> \n          <div class=\"hover-wrap-inner\">\n            <a href=\"https:\/\/www.tipsparaviajeros.com\/ruta-castell-de-burriac-desde-argentona\/\" target=\"_self\" class=\"\">\n              <img loading=\"lazy\" decoding=\"async\" class=\"img-with-animation skip-lazy\" data-delay=\"0\" height=\"1041\" width=\"1600\" data-animation=\"none\" src=\"https:\/\/santverd.com\/wp-content\/uploads\/2023\/09\/200913-jpg.webp\" alt=\"\" srcset=\"https:\/\/santverd.com\/wp-content\/uploads\/2023\/09\/200913-jpg.webp 1600w, https:\/\/santverd.com\/wp-content\/uploads\/2023\/09\/200913-300x195.webp 300w, https:\/\/santverd.com\/wp-content\/uploads\/2023\/09\/200913-1024x666.webp 1024w, https:\/\/santverd.com\/wp-content\/uploads\/2023\/09\/200913-768x500.webp 768w, https:\/\/santverd.com\/wp-content\/uploads\/2023\/09\/200913-1536x999.webp 1536w\" sizes=\"auto, (max-width: 1600px) 100vw, 1600px\" \/>\n            <\/a>\n          <\/div>\n        <\/div>\n      <\/div>\n      <\/div>\n\t\t<\/div> \n\t<\/div>\n\t<\/div> \n\n\t<div  class=\"vc_col-sm-4\/5 wpb_column column_container vc_column_container col child_column no-extra-padding inherit_tablet inherit_phone\"   data-padding-pos=\"all\" data-has-bg-color=\"false\" data-bg-color=\"\" data-bg-opacity=\"1\" data-animation=\"\" data-delay=\"0\" >\n\t\t<div class=\"vc_column-inner\" >\n\t\t<div class=\"wpb_wrapper\">\n\t\t\t\n<div class=\"wpb_text_column wpb_content_element\" >\n\t<div class=\"wpb_wrapper\">\n\t\t<h3>Castell de Burriac<\/h3>\n<p>Just 10 minutes from home, you can visit the ruins of a castle dating back to the year 1017.<\/p>\n\t<\/div>\n<\/div>\n\n\n\n<div class=\"nectar_icon_wrap\" data-style=\"default\" data-padding=\"5px\" data-color=\"black\" style=\"\" >\n\t\t<div class=\"nectar_icon\" ><a href=\"https:\/\/www.tipsparaviajeros.com\/ruta-castell-de-burriac-desde-argentona\/\" target=\"_blank\"><\/a><i style=\"font-size: 50px; line-height: 50px; height: 50px; width: 50px;\" class=\"fa fa-map-marker\"><\/i><\/div>\n\t<\/div>\n\t\t<\/div> \n\t<\/div>\n\t<\/div> \n<\/div><\/div><div id=\"fws_69f1f30569f82\" data-midnight=\"\" data-column-margin=\"default\" class=\"wpb_row vc_row-fluid vc_row inner_row vc_row-o-equal-height vc_row-flex vc_row-o-content-middle\"  style=\"\"><div class=\"row-bg-wrap\"> <div class=\"row-bg\" ><\/div> <\/div><div class=\"row_col_wrap_12_inner col span_12  left\">\n\t<div  class=\"vc_col-sm-1\/5 wpb_column column_container vc_column_container col child_column no-extra-padding inherit_tablet inherit_phone\"   data-padding-pos=\"all\" data-has-bg-color=\"false\" data-bg-color=\"\" data-bg-opacity=\"1\" data-animation=\"\" data-delay=\"0\" >\n\t\t<div class=\"vc_column-inner\" >\n\t\t<div class=\"wpb_wrapper\">\n\t\t\t<div class=\"img-with-aniamtion-wrap\" data-max-width=\"100%\" data-max-width-mobile=\"default\" data-border-radius=\"5px\" data-shadow=\"none\" data-animation=\"none\" >\n      <div class=\"inner\">\n        <div class=\"hover-wrap\"> \n          <div class=\"hover-wrap-inner\">\n            <a href=\"https:\/\/goo.gl\/maps\/VbkbEiPFKMhRggbWA\" target=\"_blank\" class=\"\">\n              <img loading=\"lazy\" decoding=\"async\" class=\"img-with-animation skip-lazy\" data-delay=\"0\" height=\"538\" width=\"738\" data-animation=\"none\" src=\"https:\/\/santverd.com\/wp-content\/uploads\/2023\/09\/MONTSENY.png\" alt=\"\" srcset=\"https:\/\/santverd.com\/wp-content\/uploads\/2023\/09\/MONTSENY.png 738w, https:\/\/santverd.com\/wp-content\/uploads\/2023\/09\/MONTSENY-300x219.png 300w\" sizes=\"auto, (max-width: 738px) 100vw, 738px\" \/>\n            <\/a>\n          <\/div>\n        <\/div>\n      <\/div>\n      <\/div>\n\t\t<\/div> \n\t<\/div>\n\t<\/div> \n\n\t<div  class=\"vc_col-sm-4\/5 wpb_column column_container vc_column_container col child_column no-extra-padding inherit_tablet inherit_phone\"   data-padding-pos=\"all\" data-has-bg-color=\"false\" data-bg-color=\"\" data-bg-opacity=\"1\" data-animation=\"\" data-delay=\"0\" >\n\t\t<div class=\"vc_column-inner\" >\n\t\t<div class=\"wpb_wrapper\">\n\t\t\t\n<div class=\"wpb_text_column wpb_content_element\" >\n\t<div class=\"wpb_wrapper\">\n\t\t<h3>Parque Natural del Montseny<\/h3>\n<p>The Montseny Natural Park in Catalonia is a protected and diverse ecological treasure. Discover it, a UNESCO Biosphere Reserve.<\/p>\n\t<\/div>\n<\/div>\n\n\n\n<div class=\"nectar_icon_wrap\" data-style=\"default\" data-padding=\"5px\" data-color=\"black\" style=\"\" >\n\t\t<div class=\"nectar_icon\" ><a href=\"https:\/\/goo.gl\/maps\/VbkbEiPFKMhRggbWA\" target=\"_blank\"><\/a><i style=\"font-size: 50px; line-height: 50px; height: 50px; width: 50px;\" class=\"fa fa-map-marker\"><\/i><\/div>\n\t<\/div>\n\t\t<\/div> \n\t<\/div>\n\t<\/div> \n<\/div><\/div><div id=\"fws_69f1f3056a3d8\" data-midnight=\"\" data-column-margin=\"default\" class=\"wpb_row vc_row-fluid vc_row inner_row vc_row-o-equal-height vc_row-flex vc_row-o-content-middle\"  style=\"\"><div class=\"row-bg-wrap\"> <div class=\"row-bg\" ><\/div> <\/div><div class=\"row_col_wrap_12_inner col span_12  left\">\n\t<div  class=\"vc_col-sm-1\/5 wpb_column column_container vc_column_container col child_column no-extra-padding inherit_tablet inherit_phone\"   data-padding-pos=\"all\" data-has-bg-color=\"false\" data-bg-color=\"\" data-bg-opacity=\"1\" data-animation=\"\" data-delay=\"0\" >\n\t\t<div class=\"vc_column-inner\" >\n\t\t<div class=\"wpb_wrapper\">\n\t\t\t<div class=\"img-with-aniamtion-wrap\" data-max-width=\"100%\" data-max-width-mobile=\"default\" data-border-radius=\"5px\" data-shadow=\"none\" data-animation=\"none\" >\n      <div class=\"inner\">\n        <div class=\"hover-wrap\"> \n          <div class=\"hover-wrap-inner\">\n            <a href=\"https:\/\/goo.gl\/maps\/Jk5zc8Cx9CJRRMeDA\" target=\"_self\" class=\"\">\n              <img loading=\"lazy\" decoding=\"async\" class=\"img-with-animation skip-lazy\" data-delay=\"0\" height=\"788\" width=\"1400\" data-animation=\"none\" src=\"https:\/\/santverd.com\/wp-content\/uploads\/2023\/09\/pedraforca-desde-lluis-jpg.webp\" alt=\"\" srcset=\"https:\/\/santverd.com\/wp-content\/uploads\/2023\/09\/pedraforca-desde-lluis-jpg.webp 1400w, https:\/\/santverd.com\/wp-content\/uploads\/2023\/09\/pedraforca-desde-lluis-300x169.webp 300w, https:\/\/santverd.com\/wp-content\/uploads\/2023\/09\/pedraforca-desde-lluis-1024x576.webp 1024w, https:\/\/santverd.com\/wp-content\/uploads\/2023\/09\/pedraforca-desde-lluis-768x432.webp 768w\" sizes=\"auto, (max-width: 1400px) 100vw, 1400px\" \/>\n            <\/a>\n          <\/div>\n        <\/div>\n      <\/div>\n      <\/div>\n\t\t<\/div> \n\t<\/div>\n\t<\/div> \n\n\t<div  class=\"vc_col-sm-4\/5 wpb_column column_container vc_column_container col child_column no-extra-padding inherit_tablet inherit_phone\"   data-padding-pos=\"all\" data-has-bg-color=\"false\" data-bg-color=\"\" data-bg-opacity=\"1\" data-animation=\"\" data-delay=\"0\" >\n\t\t<div class=\"vc_column-inner\" >\n\t\t<div class=\"wpb_wrapper\">\n\t\t\t\n<div class=\"wpb_text_column wpb_content_element\" >\n\t<div class=\"wpb_wrapper\">\n\t\t<h3>Pedraforca<\/h3>\n<p>Pedraforca is one of the most emblematic mountains in Catalonia, located between the municipalities of Saldes and G\u00f3sol.<\/p>\n\t<\/div>\n<\/div>\n\n\n\n<div class=\"nectar_icon_wrap\" data-style=\"default\" data-padding=\"5px\" data-color=\"black\" style=\"\" >\n\t\t<div class=\"nectar_icon\" ><a href=\"https:\/\/goo.gl\/maps\/Jk5zc8Cx9CJRRMeDA\" target=\"_blank\"><\/a><i style=\"font-size: 50px; line-height: 50px; height: 50px; width: 50px;\" class=\"fa fa-map-marker\"><\/i><\/div>\n\t<\/div>\n\t\t<\/div> \n\t<\/div>\n\t<\/div> \n<\/div><\/div>\n\t\t\t<\/div> \n\t\t<\/div>\n\t<\/div> \n<\/div><\/div>","protected":false},"excerpt":{"rendered":"Planes de Playa o Monta\u00f1a Descubre los fabulosos paisajes naturales que te brinda la posici\u00f3n estrat\u00e9gica de la casa. Planes De Playa Disfruta de tus vacaciones en la costa, sum\u00e9rgete...","protected":false},"author":1,"featured_media":0,"parent":0,"menu_order":0,"comment_status":"closed","ping_status":"closed","template":"","meta":{"footnotes":""},"class_list":["post-616","page","type-page","status-publish"],"aioseo_notices":[],"_links":{"self":[{"href":"https:\/\/santverd.com\/en_gb\/wp-json\/wp\/v2\/pages\/616","targetHints":{"allow":["GET"]}}],"collection":[{"href":"https:\/\/santverd.com\/en_gb\/wp-json\/wp\/v2\/pages"}],"about":[{"href":"https:\/\/santverd.com\/en_gb\/wp-json\/wp\/v2\/types\/page"}],"author":[{"embeddable":true,"href":"https:\/\/santverd.com\/en_gb\/wp-json\/wp\/v2\/users\/1"}],"replies":[{"embeddable":true,"href":"https:\/\/santverd.com\/en_gb\/wp-json\/wp\/v2\/comments?post=616"}],"version-history":[{"count":8,"href":"https:\/\/santverd.com\/en_gb\/wp-json\/wp\/v2\/pages\/616\/revisions"}],"predecessor-version":[{"id":709,"href":"https:\/\/santverd.com\/en_gb\/wp-json\/wp\/v2\/pages\/616\/revisions\/709"}],"wp:attachment":[{"href":"https:\/\/santverd.com\/en_gb\/wp-json\/wp\/v2\/media?parent=616"}],"curies":[{"name":"wp","href":"https:\/\/api.w.org\/{rel}","templated":true}]}}